{"id":333,"date":"2021-03-09T16:03:54","date_gmt":"2021-03-09T16:03:54","guid":{"rendered":"https:\/\/amre.pt\/go\/?page_id=333"},"modified":"2021-03-10T17:21:32","modified_gmt":"2021-03-10T17:21:32","slug":"perguntas-frequentes","status":"publish","type":"page","link":"https:\/\/amre.pt\/go\/perguntas-frequentes\/","title":{"rendered":"Perguntas Frequentes"},"content":{"rendered":"<p>&nbsp;<\/p>\n<h1><strong>PERGUNTAS FREQUENTES<\/strong><\/h1>\n<p>&nbsp;<\/p>\n<p>&nbsp;<\/p>\n<div id='ewd-ufaq-jquery-ajax-search'>\n\n\t<label class='ewd-ufaq-field-label'>\n\t\tO que procura:\n\t<\/label>\n\n\t<input type='hidden' name='show_on_load' value='' id='ewd-ufaq-show-on-load' \/>\n<input type='hidden' name='include_category' value='' id='ewd-ufaq-include-category' \/>\n<input type='hidden' name='exclude_category' value='' id='ewd-ufaq-exclude-category' \/>\n<input type='hidden' name='orderby' value='set_order' id='ewd-ufaq-orderby' \/>\n<input type='hidden' name='order' value='desc' id='ewd-ufaq-order' \/>\n<input type='hidden' name='post_count' value='-1' id='ewd-ufaq-post-count' \/>\n<input type='hidden' name='current_url' value='\/go\/wp-json\/wp\/v2\/pages\/333' id='ewd-ufaq-current-url' \/>\n\t<div class=\"search-field\">\n\t\t<input\n\t\t\ttype='search'\n\t\t\tclass='ewd-ufaq-text-input ewd-ufaq-text-auto-complete'\n\t\t\tplaceholder='Enter your question...'\n\t\t\tvalue='' \/>\n\t\t<button type=\"button\" class=\"clear-field\" data-state=\"hidden\">x<\/button>\n\t<\/div>\n\n\t\n<\/div><div  class=\"ewd-ufaq-faq-list ewd-ufaq-page-type-load_more ewd-ufaq-search ewd-ufaq-faq-category-title-accordion\" id='ewd-ufaq-faq-list'>\n\n\t<input type='hidden' name='show_on_load' value='' id='ewd-ufaq-show-on-load' \/>\n<input type='hidden' name='include_category' value='' id='ewd-ufaq-include-category' \/>\n<input type='hidden' name='exclude_category' value='' id='ewd-ufaq-exclude-category' \/>\n<input type='hidden' name='orderby' value='set_order' id='ewd-ufaq-orderby' \/>\n<input type='hidden' name='order' value='desc' id='ewd-ufaq-order' \/>\n<input type='hidden' name='post_count' value='-1' id='ewd-ufaq-post-count' \/>\n<input type='hidden' name='current_url' value='\/go\/wp-json\/wp\/v2\/pages\/333' id='ewd-ufaq-current-url' \/>\n\t<div class='ewd-ufaq-expand-collapse-div'>\n\n\t<span class='ewd-ufaq-expand-all ewd-ufaq-hidden'>\n\t\t<span class='ewd-ufaq-toggle-all-symbol'>c<\/span> \n\t\tExpand All\t<\/span>\n\n\t<span class='ewd-ufaq-collapse-all '>\n\t\t<span class='ewd-ufaq-toggle-all-symbol'>C<\/span>\n\t\tCollapse All\t<\/span>\n\n<\/div>\n\t\n\t<div class='ewd-ufaq-faqs'>\n\n\t\t\n\t<\/div>\n\n\t\n<\/div>\n<p>&nbsp;<\/p>\n<hr \/>\n<p>&nbsp;<\/p>\n<div  class=\"ewd-ufaq-faq-list ewd-ufaq-page-type-load_more ewd-ufaq-faq-category-title-accordion\" id='ewd-ufaq-faq-list'>\n\n\t<input type='hidden' name='show_on_load' value='' id='ewd-ufaq-show-on-load' \/>\n<input type='hidden' name='include_category' value='' id='ewd-ufaq-include-category' \/>\n<input type='hidden' name='exclude_category' value='' id='ewd-ufaq-exclude-category' \/>\n<input type='hidden' name='orderby' value='set_order' id='ewd-ufaq-orderby' \/>\n<input type='hidden' name='order' value='desc' id='ewd-ufaq-order' \/>\n<input type='hidden' name='post_count' value='-1' id='ewd-ufaq-post-count' \/>\n<input type='hidden' name='current_url' value='\/go\/wp-json\/wp\/v2\/pages\/333' id='ewd-ufaq-current-url' \/>\n\t<div class='ewd-ufaq-expand-collapse-div'>\n\n\t<span class='ewd-ufaq-expand-all ewd-ufaq-hidden'>\n\t\t<span class='ewd-ufaq-toggle-all-symbol'>c<\/span> \n\t\tExpand All\t<\/span>\n\n\t<span class='ewd-ufaq-collapse-all '>\n\t\t<span class='ewd-ufaq-toggle-all-symbol'>C<\/span>\n\t\tCollapse All\t<\/span>\n\n<\/div>\n\t\n\t<div class='ewd-ufaq-faqs'>\n\n\t\t<div  class=\"ewd-ufaq-faq-div ewd-ufaq-faq-column-count-one ewd-ufaq-faq-responsive-columns- ewd-ufaq-faq-display-style-default ewd-ufaq-can-be-toggled\" id='ewd-ufaq-post-415-GUNv7uQzxm' data-post_id='415'>\n\n\t<div class='ewd-ufaq-faq-title ewd-ufaq-faq-toggle'>\n\t\n\t<a class='ewd-ufaq-post-margin'  href='#'>\n\n\t\t<div class='ewd-ufaq-post-margin-symbol ewd-ufaq-square'>\n\t\t\t<span >A<\/span>\n\t\t<\/div>\n\n\t\t<div class='ewd-ufaq-faq-title-text'>\n\n\t\t\t<h4>\n\t\t\t\tPara que serve o processo de media\u00e7\u00e3o de recupera\u00e7\u00e3o de empresas? E qual o papel do mediador?\t\t\t<\/h4>\n\n\t\t<\/div>\n\n\t\t<div class='ewd-ufaq-clear'><\/div>\n\n\t<\/a>\n\t\n<\/div>\n\t\n\t<div class='ewd-ufaq-faq-body ' >\n\n\t\t\n\t\t\t<div class='ewd-ufaq-author-date'>\n\n\tPublicado\n\t\n\tem\n<span class='ewd-ufaq-date'>\n\tApril 6, 2021<\/span>\n<\/div>\n\t\t\n\t\t\t<div class='ewd-ufaq-post-margin ewd-ufaq-faq-post'>\n\t<p>Para resposta a esta quest\u00e3o, tomamos a liberdade de transcrever o artigo 2\u00ba da Lei n.\u00ba 8\/2018 de 2 de mar\u00e7o, que estabelece o RERE \u2013 Regime Extrajudicial de Recupera\u00e7\u00e3o de Empresas:<\/p>\n<p>\u201c1 \u2014 O RERE regula os termos e os efeitos das negocia\u00e7\u00f5es e do acordo de reestrutura\u00e7\u00e3o que seja alcan\u00e7ado entre um devedor e um ou mais dos seus credores, na medida em que os participantes manifestem, expressa e unanimemente, a vontade de submeter as negocia\u00e7\u00f5es ou o acordo de reestrutura\u00e7\u00e3o ao regime previsto na presente lei.<\/p>\n<p>2 \u2014 Entende -se por acordo de reestrutura\u00e7\u00e3o, para os efeitos do n\u00famero anterior, o acordo com vista \u00e0 altera\u00e7\u00e3o da composi\u00e7\u00e3o, das condi\u00e7\u00f5es ou da estrutura do ativo ou do passivo de um devedor, ou de qualquer outra parte da estrutura de capital do devedor, incluindo o capital social, ou uma combina\u00e7\u00e3o destes elementos, incluindo a venda de ativos ou de partes de atividade, com o objetivo de permitir que a empresa sobreviva na totalidade ou em parte.\u201d<\/p>\n<p>Em sequ\u00eancia, a pr\u00f3pria Lei citada estabelece, que o Mediador de Recupera\u00e7\u00e3o de Empresas (\u201cMRE\u201d) \u00e9 o profissional que pode acompanhar, se solicitado pelo devedor (aquela empresa que est\u00e1 a ser alvo de reestrutura\u00e7\u00e3o), o protocolo de negocia\u00e7\u00e3o (n\u00ba 4 do artigo 7\u00ba) com todos os envolvidos no processo e que no decurso das negocia\u00e7\u00f5es, deve assessorar o devedor, em articula\u00e7\u00e3o com o credor l\u00edder, os assessores financeiros e legais, se existirem, elaborando e apresentando aos credores participantes nas negocia\u00e7\u00f5es o diagn\u00f3stico econ\u00f3mico -financeiro do devedor que lhes permita conhecer os pressupostos nos quais pode basear -se o acordo de reestrutura\u00e7\u00e3o (n\u00ba 1 do artigo 15\u00ba).<\/p>\n<p>O papel espec\u00edfico do MRE est\u00e1 estabelecido na Lei n.\u00ba 6\/2018 de 22 de fevereiro de forma detalhada, indicando no seu artigo 2\u00ba ser \u201ca pessoa incumbida de prestar assist\u00eancia a uma empresa devedora que, de acordo com o previsto no C\u00f3digo da Insolv\u00eancia e da Recupera\u00e7\u00e3o de Empresas (CIRE), (\u2026), se encontre em situa\u00e7\u00e3o econ\u00f3mica dif\u00edcil ou em situa\u00e7\u00e3o de insolv\u00eancia, nomeadamente em negocia\u00e7\u00f5es com os seus credores com vista a alcan\u00e7ar um acordo extrajudicial de reestrutura\u00e7\u00e3o para a sua recupera\u00e7\u00e3o.\u201d<\/p>\n<p>No artigo 18\u00ba da mesma Lei n.\u00ba 6\/2018, \u201ccabe ao mediador analisar a situa\u00e7\u00e3o econ\u00f3mico-financeira do devedor, aferir conjuntamente com o devedor as suas perspetivas de recupera\u00e7\u00e3o, auxiliar o devedor na elabora\u00e7\u00e3o de uma proposta de acordo de reestrutura\u00e7\u00e3o e nas negocia\u00e7\u00f5es a estabelecer com os seus credores relativas \u00e0 mesma.\u201d Um esclarecimento recente do IAPMEI a um pedido de clarifica\u00e7\u00e3o destas fun\u00e7\u00f5es do MRE indica que cabe \u201ca cada mediador, em fun\u00e7\u00e3o do caso concreto que lhe \u00e9 dado apreciar, determinar o conte\u00fado da \u2018an\u00e1lise\u2019, da \u2018aferi\u00e7\u00e3o\u2019 e do \u2018aux\u00edlio\u2019 que permitam ao devedor (empresa) obter os melhores resultados poss\u00edveis, tendo como objetivo a sua recupera\u00e7\u00e3o.\u201d<\/p>\n<\/div>\n\t\t\n\t\t\t<div class='ewd-ufaq-faq-custom-fields'>\n\n\t\n<\/div>\n\t\t\n\t\t\t\n\t\t\n\t\t\t\n\t\t\n\t\t\t\n\t\t\n\t\t\t\n\t\t\n\t\t\t\n\t\t\n\t\t\t\n\t\t\n\t\t\t\n\t\t\n\t<\/div>\n\n<\/div><div  class=\"ewd-ufaq-faq-div ewd-ufaq-faq-column-count-one ewd-ufaq-faq-responsive-columns- ewd-ufaq-faq-display-style-default ewd-ufaq-can-be-toggled\" id='ewd-ufaq-post-419-A8A2E697hR' data-post_id='419'>\n\n\t<div class='ewd-ufaq-faq-title ewd-ufaq-faq-toggle'>\n\t\n\t<a class='ewd-ufaq-post-margin'  href='#'>\n\n\t\t<div class='ewd-ufaq-post-margin-symbol ewd-ufaq-square'>\n\t\t\t<span >A<\/span>\n\t\t<\/div>\n\n\t\t<div class='ewd-ufaq-faq-title-text'>\n\n\t\t\t<h4>\n\t\t\t\tOnde posso obter mais informa\u00e7\u00e3o sobre as diversas formas poss\u00edveis de viabiliza\u00e7\u00e3o de empresas atrav\u00e9s da implementa\u00e7\u00e3o de medidas extrajudiciais ou judiciais?\t\t\t<\/h4>\n\n\t\t<\/div>\n\n\t\t<div class='ewd-ufaq-clear'><\/div>\n\n\t<\/a>\n\t\n<\/div>\n\t\n\t<div class='ewd-ufaq-faq-body ' >\n\n\t\t\n\t\t\t<div class='ewd-ufaq-author-date'>\n\n\tPublicado\n\t\n\tem\n<span class='ewd-ufaq-date'>\n\tMay 11, 2021<\/span>\n<\/div>\n\t\t\n\t\t\t<div class='ewd-ufaq-post-margin ewd-ufaq-faq-post'>\n\t<p>Poder\u00e1 encontrar mais informa\u00e7\u00e3o no livro \u201cGuia Pr\u00e1tico da Reestrutura\u00e7\u00e3o, Revitaliza\u00e7\u00e3o e Recupera\u00e7\u00e3o de Empresas\u201d dos autores Cristina Bogado Menezes, Sandra Alves Amorim, Jo\u00e3o Luz Soares, Manuel Camarate Campos (RSA &#8211; Raposo Subtil e Associados, Sociedade de Advogados, SP, R.L), dispon\u00edvel no site <a href=\"https:\/\/rsa-lp.com\/\" target=\"_blank\" rel=\"noopener\">RSA \u2013 Raposo Subtil e Associados<\/a> ou <strong><a href=\"https:\/\/www.amre.pt\/docs\/guiarecuperacaodeempresas.pdf\" target=\"_blank\" rel=\"noopener\">aqui<\/a><\/strong>.<\/p>\n<\/div>\n\t\t\n\t\t\t<div class='ewd-ufaq-faq-custom-fields'>\n\n\t\n<\/div>\n\t\t\n\t\t\t\n\t\t\n\t\t\t\n\t\t\n\t\t\t\n\t\t\n\t\t\t\n\t\t\n\t\t\t\n\t\t\n\t\t\t\n\t\t\n\t\t\t\n\t\t\n\t<\/div>\n\n<\/div><div  class=\"ewd-ufaq-faq-div ewd-ufaq-faq-column-count-one ewd-ufaq-faq-responsive-columns- ewd-ufaq-faq-display-style-default ewd-ufaq-can-be-toggled\" id='ewd-ufaq-post-331-4pHYB6EBb8' data-post_id='331'>\n\n\t<div class='ewd-ufaq-faq-title ewd-ufaq-faq-toggle'>\n\t\n\t<a class='ewd-ufaq-post-margin'  href='#'>\n\n\t\t<div class='ewd-ufaq-post-margin-symbol ewd-ufaq-square'>\n\t\t\t<span >A<\/span>\n\t\t<\/div>\n\n\t\t<div class='ewd-ufaq-faq-title-text'>\n\n\t\t\t<h4>\n\t\t\t\tComo posso tirar o curso de mediador de recupera\u00e7\u00e3o de empresas?\t\t\t<\/h4>\n\n\t\t<\/div>\n\n\t\t<div class='ewd-ufaq-clear'><\/div>\n\n\t<\/a>\n\t\n<\/div>\n\t\n\t<div class='ewd-ufaq-faq-body ' >\n\n\t\t\n\t\t\t<div class='ewd-ufaq-author-date'>\n\n\tPublicado\n\t\n\tem\n<span class='ewd-ufaq-date'>\n\tMarch 9, 2021<\/span>\n<\/div>\n\t\t\n\t\t\t<div class='ewd-ufaq-post-margin ewd-ufaq-faq-post'>\n\t<p>O acesso \u00e0 atividade de mediador de recupera\u00e7\u00e3o de empresas depende da frequ\u00eancia, com aproveitamento, de a\u00e7\u00e3o de forma\u00e7\u00e3o em media\u00e7\u00e3o de recupera\u00e7\u00e3o de empresas, ministrada por entidade certificada pela Dire\u00e7\u00e3o-Geral da Pol\u00edtica de Justi\u00e7a. Atualmente existem as seguintes entidades formadoras devidamente certificadas:<\/p>\n<p><strong>ICFML<\/strong> \u2013 Instituto de Certifica\u00e7\u00e3o e Forma\u00e7\u00e3o de Mediadores Lus\u00f3fonos (NIPC \u2013 510050700) Tlm.: ( 351) 966482840 E-mail: info@icfml.org E-mail: adminportugal@icfml.org Site: <a href=\"http:\/\/pt.icfml.org\">http:\/\/pt.icfml.org<\/a><br \/>\nE<br \/>\n<strong>AIRV<\/strong> \u2013 Associa\u00e7\u00e3o Empresarial da Regi\u00e3o de Viseu (NIPC \u2013 501339612) Tlf.: ( 351) 232 470 290 Tlm.: ( 351) 934 470 290 E-mail: geral@airv.pt Site: <a href=\"http:\/\/www.airv.pt\">www.airv.pt<\/a><\/p>\n<\/div>\n\t\t\n\t\t\t<div class='ewd-ufaq-faq-custom-fields'>\n\n\t\n<\/div>\n\t\t\n\t\t\t\n\t\t\n\t\t\t\n\t\t\n\t\t\t\n\t\t\n\t\t\t\n\t\t\n\t\t\t\n\t\t\n\t\t\t\n\t\t\n\t\t\t\n\t\t\n\t<\/div>\n\n<\/div><div  class=\"ewd-ufaq-faq-div ewd-ufaq-faq-column-count-one ewd-ufaq-faq-responsive-columns- ewd-ufaq-faq-display-style-default ewd-ufaq-can-be-toggled\" id='ewd-ufaq-post-342-MRyOxMkY64' data-post_id='342'>\n\n\t<div class='ewd-ufaq-faq-title ewd-ufaq-faq-toggle'>\n\t\n\t<a class='ewd-ufaq-post-margin'  href='#'>\n\n\t\t<div class='ewd-ufaq-post-margin-symbol ewd-ufaq-square'>\n\t\t\t<span >A<\/span>\n\t\t<\/div>\n\n\t\t<div class='ewd-ufaq-faq-title-text'>\n\n\t\t\t<h4>\n\t\t\t\tComo posso ser associado da AMRE?\t\t\t<\/h4>\n\n\t\t<\/div>\n\n\t\t<div class='ewd-ufaq-clear'><\/div>\n\n\t<\/a>\n\t\n<\/div>\n\t\n\t<div class='ewd-ufaq-faq-body ' >\n\n\t\t\n\t\t\t<div class='ewd-ufaq-author-date'>\n\n\tPublicado\n\t\n\tem\n<span class='ewd-ufaq-date'>\n\tMarch 9, 2021<\/span>\n<\/div>\n\t\t\n\t\t\t<div class='ewd-ufaq-post-margin ewd-ufaq-faq-post'>\n\t<p>Como condi\u00e7\u00e3o pr\u00e9via, ter\u00e1 que estar inscrito na lista p\u00fablica de mediadores de recupera\u00e7\u00e3o de empresas publicada pelo IAPMEI,I.P.<br \/>\nConstando da referida lista pode solicitar uma ficha de inscri\u00e7\u00e3o atrav\u00e9s do e-mail info@amre.pt.<br \/>\nO valor da joia \u00e9 de 100 euros e a quota anual \u00e9 de 100 euros.<\/p>\n<\/div>\n\t\t\n\t\t\t<div class='ewd-ufaq-faq-custom-fields'>\n\n\t\n<\/div>\n\t\t\n\t\t\t\n\t\t\n\t\t\t\n\t\t\n\t\t\t\n\t\t\n\t\t\t\n\t\t\n\t\t\t\n\t\t\n\t\t\t\n\t\t\n\t\t\t\n\t\t\n\t<\/div>\n\n<\/div><div  class=\"ewd-ufaq-faq-div ewd-ufaq-faq-column-count-one ewd-ufaq-faq-responsive-columns- ewd-ufaq-faq-display-style-default ewd-ufaq-can-be-toggled\" id='ewd-ufaq-post-414-pYdK09h0eI' data-post_id='414'>\n\n\t<div class='ewd-ufaq-faq-title ewd-ufaq-faq-toggle'>\n\t\n\t<a class='ewd-ufaq-post-margin'  href='#'>\n\n\t\t<div class='ewd-ufaq-post-margin-symbol ewd-ufaq-square'>\n\t\t\t<span >A<\/span>\n\t\t<\/div>\n\n\t\t<div class='ewd-ufaq-faq-title-text'>\n\n\t\t\t<h4>\n\t\t\t\tComo posso solicitar os servi\u00e7os do Mediador de Recupera\u00e7\u00e3o de Empresas?\t\t\t<\/h4>\n\n\t\t<\/div>\n\n\t\t<div class='ewd-ufaq-clear'><\/div>\n\n\t<\/a>\n\t\n<\/div>\n\t\n\t<div class='ewd-ufaq-faq-body ' >\n\n\t\t\n\t\t\t<div class='ewd-ufaq-author-date'>\n\n\tPublicado\n\t\n\tem\n<span class='ewd-ufaq-date'>\n\tApril 6, 2021<\/span>\n<\/div>\n\t\t\n\t\t\t<div class='ewd-ufaq-post-margin ewd-ufaq-faq-post'>\n\t<p>A figura do Mediador de Recupera\u00e7\u00e3o de Empresas (\u201cMRE\u201d) e a respetiva forma de nomea\u00e7\u00e3o est\u00e3o estabelecidas na Lei n.\u00ba 6\/2018 de 22 de fevereiro. Em termos sucintos, uma empresa dever\u00e1 solicitar essa nomea\u00e7\u00e3o atrav\u00e9s de uma solicita\u00e7\u00e3o direta ao IAPMEI &#8211; Ag\u00eancia para a Competitividade e Inova\u00e7\u00e3o (IAPMEI) preenchendo um formul\u00e1rio de requerimento dispon\u00edvel para o efeito, no seu s\u00edtio da internet (em <a href=\"https:\/\/www.iapmei.pt\/PRODUTOS-E-SERVICOS\/Revitalizacao-Transmissao\/Revitalizacao-Empresarial\/Mediador-de-Recuperacao-de-Empresas.aspx\" target=\"_blank\" rel=\"noopener\">https:\/\/www.iapmei.pt\/PRODUTOS-E-SERVICOS\/Revitalizacao-Transmissao\/Revitalizacao-Empresarial\/Mediador-de-Recuperacao-de-Empresas.aspx<\/a>) e remetendo o mesmo para o endere\u00e7o de correio eletr\u00f3nico <a href=\"mailto:mre@iapmei.pt\">mre@iapmei.pt<\/a>.<\/p>\n<p>Independentemente dessa nomea\u00e7\u00e3o formal, uma empresa pode sempre solicitar a colabora\u00e7\u00e3o de um dos profissionais que constam na listagem de mediadores de recupera\u00e7\u00e3o de empresas (em <a href=\"https:\/\/webapps.iapmei.pt\/MRE\/ListaOficial\/Public\/Mediadores.aspx\" target=\"_blank\" rel=\"noopener\">https:\/\/webapps.iapmei.pt\/MRE\/ListaOficial\/Public\/Mediadores.aspx<\/a>), sendo que, existindo esse contacto e interesse na presta\u00e7\u00e3o de servi\u00e7os, a mesma decorrer\u00e1 como sendo uma consultadoria e n\u00e3o ao abrigo do regime de nomea\u00e7\u00e3o atr\u00e1s descrito.<\/p>\n<p>Independentemente da metodologia de contacto, uma empresa pode sempre promover uma reestrutura\u00e7\u00e3o do seu passivo ao abrigo do RERE \u2013 Regime Extrajudicial de Recupera\u00e7\u00e3o de Empresas, conforme definido na Lei n.\u00ba 8\/2018 de 2 de mar\u00e7o, consultando advogados ou outros profissionais, entre os quais, os inscritos como Mediadores de Recupera\u00e7\u00e3o de Empresas.<\/p>\n<\/div>\n\t\t\n\t\t\t<div class='ewd-ufaq-faq-custom-fields'>\n\n\t\n<\/div>\n\t\t\n\t\t\t\n\t\t\n\t\t\t\n\t\t\n\t\t\t\n\t\t\n\t\t\t\n\t\t\n\t\t\t\n\t\t\n\t\t\t\n\t\t\n\t\t\t\n\t\t\n\t<\/div>\n\n<\/div><div  class=\"ewd-ufaq-faq-div ewd-ufaq-faq-column-count-one ewd-ufaq-faq-responsive-columns- ewd-ufaq-faq-display-style-default ewd-ufaq-can-be-toggled\" id='ewd-ufaq-post-404-JMXpnrK58v' data-post_id='404'>\n\n\t<div class='ewd-ufaq-faq-title ewd-ufaq-faq-toggle'>\n\t\n\t<a class='ewd-ufaq-post-margin'  href='#'>\n\n\t\t<div class='ewd-ufaq-post-margin-symbol ewd-ufaq-square'>\n\t\t\t<span >A<\/span>\n\t\t<\/div>\n\n\t\t<div class='ewd-ufaq-faq-title-text'>\n\n\t\t\t<h4>\n\t\t\t\tQuanto custa o Mediador de Recupera\u00e7\u00e3o de Empresas (MRE)?  Qual a remunera\u00e7\u00e3o do MRE?\t\t\t<\/h4>\n\n\t\t<\/div>\n\n\t\t<div class='ewd-ufaq-clear'><\/div>\n\n\t<\/a>\n\t\n<\/div>\n\t\n\t<div class='ewd-ufaq-faq-body ' >\n\n\t\t\n\t\t\t<div class='ewd-ufaq-author-date'>\n\n\tPublicado\n\t\n\tem\n<span class='ewd-ufaq-date'>\n\tMarch 26, 2021<\/span>\n<\/div>\n\t\t\n\t\t\t<div class='ewd-ufaq-post-margin ewd-ufaq-faq-post'>\n\t<p>Nos termos da Lei n.\u00ba 6\/2018 e do Decreto-Lei n.\u00ba 26\/2019, a remunera\u00e7\u00e3o do MRE compreende uma componente fixa e uma componente vari\u00e1vel. A componente vari\u00e1vel s\u00f3 \u00e9 devida no caso de conclus\u00e3o de um acordo de reestrutura\u00e7\u00e3o.<\/p>\n<p><strong>A componente vari\u00e1vel<\/strong> (<em>success fee<\/em>) \u00e9 calculada de acordo com a f\u00f3rmula expressa no Decreto-Lei n.\u00ba 26\/2019 ou estabelecida por acordo escrito entre as partes.<\/p>\n<p><strong>A componente fixa<\/strong> da remunera\u00e7\u00e3o do MRE depende da dimens\u00e3o da empresa devedora (artigo n.\u00ba 4 do Decreto-Lei n.\u00ba 26\/2019).<\/p>\n<hr \/>\n<p>===&gt;<span style=\"color: #ff0000\"> <a style=\"color: #ff0000\" href=\"https:\/\/www.amre.pt\/docs\/quanto-custa-mre-para-o-devedor.xlsx\" target=\"_blank\" rel=\"noopener\">CLIQUE AQUI PARA ACEDER A EXCEL DE SIMULA\u00c7\u00c3O DO VALOR A PAGAR PELA EMPRESA DEVEDORA<\/a><\/span><\/p>\n<hr \/>\n<p>\u00a0<\/p>\n<p><strong>VALORES DA COMPONENTE FIXA, EM FUN\u00c7\u00c3O DA DIMENS\u00c3O DA EMPRESA:<\/strong><\/p>\n<p>\u00a0<\/p>\n<p><strong>Micro-Empresas:<\/strong><\/p>\n<p>&#8211; A empresa devedora paga\u00a0 \u00a0 \u00a0 \u00a0 \u00a0 \u00a0 \u00a0404,25 euros<\/p>\n<p>&#8211; O IAPMEI, I.P. paga\u00a0 \u00a0 \u00a0 \u00a0 \u00a0 \u00a0 \u00a0 \u00a0 \u00a0 \u00a0 \u00a0 \u00a0 \u00a0 \u00a0173,25 euros<\/p>\n<p>&#8211; Total da remunera\u00e7\u00e3o do MRE:\u00a0 \u00a0 \u00a0 577,50 euros<\/p>\n<p>\u00a0<\/p>\n<p><strong>Pequenas e m\u00e9dias empresas:<\/strong><\/p>\n<p>&#8211; A empresa devedora paga\u00a0 \u00a0 \u00a0 \u00a0 \u00a0 \u00a0 \u00a0 \u00a0 \u00a0866,25 euros<\/p>\n<p>&#8211; O IAPMEI, I.P. paga\u00a0 \u00a0 \u00a0 \u00a0 \u00a0 \u00a0 \u00a0 \u00a0 \u00a0 \u00a0 \u00a0 \u00a0 \u00a0 \u00a0 \u00a0 \u00a0371,25 euros<\/p>\n<p>&#8211; Total da remunera\u00e7\u00e3o do MRE:\u00a0 \u00a0 \u00a0 \u00a0 1.237,50 euros<\/p>\n<p>\u00a0<\/p>\n<p><strong>Grandes empresas:<\/strong><\/p>\n<p>&#8211; A empresa devedora paga\u00a0 \u00a0 \u00a0 \u00a0 \u00a0 \u00a0 \u00a0 \u00a01.443,75 euros<\/p>\n<p>&#8211; O IAPMEI, I.P. paga\u00a0 \u00a0 \u00a0 \u00a0 \u00a0 \u00a0 \u00a0 \u00a0 \u00a0 \u00a0 \u00a0 \u00a0 \u00a0 \u00a0 \u00a0 618,75 euros<\/p>\n<p>&#8211; Total da remunera\u00e7\u00e3o do MRE:\u00a0 \u00a0 \u00a0 2.062,50 euros<\/p>\n<p>\u00a0<\/p>\n<p>Os valores da componente fixa s\u00e3o pagos em 3 presta\u00e7\u00f5es:<\/p>\n<p><strong>1\u00aa presta\u00e7\u00e3o:<\/strong> Total do montante pago pelo IAPMEI e \u00e9 devido com a nomea\u00e7\u00e3o do MRE;<\/p>\n<p><strong>2\u00aa presta\u00e7\u00e3o:<\/strong> 29% do valor total a pagar pela empresa devedora. \u00c9 devido ap\u00f3s a elabora\u00e7\u00e3o do plano de recupera\u00e7\u00e3o;<\/p>\n<p><strong>3\u00aa presta\u00e7\u00e3o:<\/strong> 71% do valor total a pagar pela empresa devedora. \u00c9 devido ap\u00f3s o encerramento do processo de negocia\u00e7\u00e3o com os credores.<\/p>\n<p>\u00a0<\/p>\n<p><strong>VALOR DA COMPONENTE VARI\u00c1VEL<\/strong><\/p>\n<p>A componente vari\u00e1vel da remunera\u00e7\u00e3o do mediador apenas \u00e9 devida em caso de conclus\u00e3o de um acordo de reestrutura\u00e7\u00e3o.<\/p>\n<p>A componente vari\u00e1vel \u00e9 estabelecida, salvo distinto acordo escrito entre as partes, pela seguinte f\u00f3rmula:<\/p>\n<p><em>\u00a0 \u00a0 \u00a0 \u00a0 \u00a0 \u00a0 \u00a0 \u00a0 \u00a0 \u00a0 \u00a0 \u00a0 \u00a0 \u00a0<strong> \u00a0X <\/strong><\/em><strong>= [(<em>vn <\/em>* 0,25 %) + [(<em>pn<\/em>\/<em>pt<\/em>) * 1,0 %] * <em>pn<\/em>]<\/strong><\/p>\n<p>onde:<\/p>\n<p><em>\u00a0 \u00a0 \u00a0 \u00a0 \u00a0 \u00a0 \u00a0 \u00a0 \u00a0 \u00a0 \u00a0 \u00a0 \u00a0 X <\/em>\u00e9 o valor a liquidar pelo devedor ao mediador em caso de celebra\u00e7\u00e3o de acordo de reestrutura\u00e7\u00e3o;<\/p>\n<p><em>\u00a0 \u00a0 \u00a0 \u00a0 \u00a0 \u00a0 \u00a0 \u00a0 \u00a0 \u00a0 \u00a0 \u00a0 \u00a0 \u00a0 \u00a0 \u00a0vn <\/em>\u00e9 o valor das vendas e presta\u00e7\u00f5es de servi\u00e7os da empresa no ano <em>n <\/em>-1;<\/p>\n<p><em>\u00a0 \u00a0 \u00a0 \u00a0 \u00a0 \u00a0 \u00a0 \u00a0 \u00a0 \u00a0 \u00a0 \u00a0 \u00a0 \u00a0 \u00a0 pn <\/em>\u00e9 o valor do passivo negociado no \u00e2mbito do acordo de reestrutura\u00e7\u00e3o;<\/p>\n<p><em>\u00a0 \u00a0 \u00a0 \u00a0 \u00a0 \u00a0 \u00a0 \u00a0 \u00a0 \u00a0 \u00a0 \u00a0 \u00a0 \u00a0 \u00a0 pt <\/em>\u00e9 o passivo total da empresa evidenciado no balan\u00e7o do ano <em>n <\/em>-1.<\/p>\n<p>Salvo acordo por escrito entre as partes, o pagamento da componente vari\u00e1vel da remunera\u00e7\u00e3o do mediador \u00e9 realizado numa \u00fanica presta\u00e7\u00e3o, num prazo de 30 dias ap\u00f3s a conclus\u00e3o do acordo de reestrutura\u00e7\u00e3o.<\/p>\n<p>\u00a0<\/p>\n<p>(PRE\u00c7OS SUJEITOS A IVA)<\/p>\n<\/div>\n\t\t\n\t\t\t<div class='ewd-ufaq-faq-custom-fields'>\n\n\t\n<\/div>\n\t\t\n\t\t\t\n\t\t\n\t\t\t\n\t\t\n\t\t\t\n\t\t\n\t\t\t\n\t\t\n\t\t\t\n\t\t\n\t\t\t\n\t\t\n\t\t\t\n\t\t\n\t<\/div>\n\n<\/div><div  class=\"ewd-ufaq-faq-div ewd-ufaq-faq-column-count-one ewd-ufaq-faq-responsive-columns- ewd-ufaq-faq-display-style-default ewd-ufaq-can-be-toggled\" id='ewd-ufaq-post-416-pxcJnmV6kr' data-post_id='416'>\n\n\t<div class='ewd-ufaq-faq-title ewd-ufaq-faq-toggle'>\n\t\n\t<a class='ewd-ufaq-post-margin'  href='#'>\n\n\t\t<div class='ewd-ufaq-post-margin-symbol ewd-ufaq-square'>\n\t\t\t<span >A<\/span>\n\t\t<\/div>\n\n\t\t<div class='ewd-ufaq-faq-title-text'>\n\n\t\t\t<h4>\n\t\t\t\tA empresa devedora pode escolher o Mediador de Recupera\u00e7\u00e3o de Empresas (\u201cMRE\u201d)?\t\t\t<\/h4>\n\n\t\t<\/div>\n\n\t\t<div class='ewd-ufaq-clear'><\/div>\n\n\t<\/a>\n\t\n<\/div>\n\t\n\t<div class='ewd-ufaq-faq-body ' >\n\n\t\t\n\t\t\t<div class='ewd-ufaq-author-date'>\n\n\tPublicado\n\t\n\tem\n<span class='ewd-ufaq-date'>\n\tApril 6, 2021<\/span>\n<\/div>\n\t\t\n\t\t\t<div class='ewd-ufaq-post-margin ewd-ufaq-faq-post'>\n\t<p>N\u00e3o. De acordo com a Lei n.\u00ba 6\/2018 de 22 de fevereiro, os MRE s\u00f3 devem aceitar ser nomeados, como tal, pelo IAPMEI. \u00c9 ao IAPMEI que compete gerir e publicar as listas de profissionais a desempenhar as fun\u00e7\u00f5es de MRE e a nomear os mesmos pelo m\u00e9todo de sele\u00e7\u00e3o por ordem sequencial das referidas listas. Existem tr\u00eas listas, Norte, Centro e Sul, que s\u00e3o utilizadas em fun\u00e7\u00e3o da sede da empresa que solicite<\/p>\n<p>Ressalvamos uma exce\u00e7\u00e3o \u00e0 regra acima quando se trate de empresa que, pela sua dimens\u00e3o ou complexidade do processo de recupera\u00e7\u00e3o, pode permitir que o IAPMEI nomeie um MRE que aquele considere ter compet\u00eancia e meios mais adequados.<\/p>\n<p>Independentemente dessa nomea\u00e7\u00e3o formal, uma empresa pode sempre solicitar a colabora\u00e7\u00e3o de um dos profissionais que constam na listagem de mediadores de recupera\u00e7\u00e3o de empresas (em <a href=\"https:\/\/webapps.iapmei.pt\/MRE\/ListaOficial\/Public\/Mediadores.aspx\" target=\"_blank\" rel=\"noopener\">https:\/\/webapps.iapmei.pt\/MRE\/ListaOficial\/Public\/Mediadores.aspx<\/a>), sendo que, existindo esse contacto e interesse na presta\u00e7\u00e3o de servi\u00e7os, a mesma decorrer\u00e1 como sendo uma consultadoria e n\u00e3o ao abrigo do regime de nomea\u00e7\u00e3o atr\u00e1s descrito.<\/p>\n<\/div>\n\t\t\n\t\t\t<div class='ewd-ufaq-faq-custom-fields'>\n\n\t\n<\/div>\n\t\t\n\t\t\t\n\t\t\n\t\t\t\n\t\t\n\t\t\t\n\t\t\n\t\t\t\n\t\t\n\t\t\t\n\t\t\n\t\t\t\n\t\t\n\t\t\t\n\t\t\n\t<\/div>\n\n<\/div>\n\t<\/div>\n\n\t\n<\/div>\n","protected":false},"excerpt":{"rendered":"<p>A A empresa devedora pode escolher o Mediador de Recupera\u00e7\u00e3o de Empresas (\u201cMRE\u201d)? Publicado em April 6, 2021 N\u00e3o. De acordo com a Lei n.\u00ba [&hellip;]<\/p>\n","protected":false},"author":1,"featured_media":0,"parent":0,"menu_order":0,"comment_status":"closed","ping_status":"closed","template":"","meta":[],"_links":{"self":[{"href":"https:\/\/amre.pt\/go\/wp-json\/wp\/v2\/pages\/333"}],"collection":[{"href":"https:\/\/amre.pt\/go\/wp-json\/wp\/v2\/pages"}],"about":[{"href":"https:\/\/amre.pt\/go\/wp-json\/wp\/v2\/types\/page"}],"author":[{"embeddable":true,"href":"https:\/\/amre.pt\/go\/wp-json\/wp\/v2\/users\/1"}],"replies":[{"embeddable":true,"href":"https:\/\/amre.pt\/go\/wp-json\/wp\/v2\/comments?post=333"}],"version-history":[{"count":16,"href":"https:\/\/amre.pt\/go\/wp-json\/wp\/v2\/pages\/333\/revisions"}],"predecessor-version":[{"id":391,"href":"https:\/\/amre.pt\/go\/wp-json\/wp\/v2\/pages\/333\/revisions\/391"}],"wp:attachment":[{"href":"https:\/\/amre.pt\/go\/wp-json\/wp\/v2\/media?parent=333"}],"curies":[{"name":"wp","href":"https:\/\/api.w.org\/{rel}","templated":true}]}}